{"id":37,"date":"2019-11-11T02:21:41","date_gmt":"2019-11-11T02:21:41","guid":{"rendered":"https:\/\/barristar.wpocean.com\/?page_id=37"},"modified":"2023-10-16T14:44:01","modified_gmt":"2023-10-16T12:44:01","slug":"about","status":"publish","type":"page","link":"https:\/\/avocat-hajji.fr\/?page_id=37","title":{"rendered":"A propos"},"content":{"rendered":"\t\t<div data-elementor-type=\"wp-page\" data-elementor-id=\"37\" class=\"elementor elementor-37\">\n\t\t\t\t\t\t\t\t\t<section class=\"elementor-section elementor-top-section elementor-element elementor-element-99fbc0d elementor-section-full_width elementor-section-height-default elementor-section-height-default\" data-id=\"99fbc0d\" data-element_type=\"section\" data-settings=\"{&quot;background_background&quot;:&quot;classic&quot;}\">\n\t\t\t\t\t\t<div class=\"elementor-container elementor-column-gap-no\">\n\t\t\t\t\t<div class=\"elementor-column elementor-col-100 elementor-top-column elementor-element elementor-element-c5da9c6\" data-id=\"c5da9c6\" data-element_type=\"column\">\n\t\t\t<div class=\"elementor-widget-wrap elementor-element-populated\">\n\t\t\t\t\t\t\t\t<div class=\"elementor-element elementor-element-9fdbed8 elementor-widget elementor-widget-wpo-barristar_feature\" data-id=\"9fdbed8\" data-element_type=\"widget\" data-widget_type=\"wpo-barristar_feature.default\">\n\t\t\t\t<div class=\"elementor-widget-container\">\n\t\t\t\t\t<div class=\"service-area  service-area2\">\n\t\t\t<div class=\"container\">\n\t\t  <div class=\"row\">\n\t\t\t\t\t      <div class=\"col-lg-4 col-md-4 col-sm-6  col-xs-6  feature-col\">\n\t\t          <div class=\"service-item\">\n\t\t              <div class=\"row\">\n\t\t\t\t\t\t\t\t\t  <div class=\"grid\">\n\t\t\t\t\t\t\t\t\t\t  <div class=\"col-lg-3 col-md-3 col-sm-3 col-3  icon-c\">\n\t\t\t\t\t\t\t\t\t\t\t  <div class=\"service-icon\">\n\t\t\t\t\t\t\t\t\t\t\t\t <i class='fi flaticon-lawyer'><\/i>\t\t\t\t\t\t\t\t\t\t\t  <\/div>\n\t\t\t\t\t\t\t\t\t\t  <\/div>\n\t\t\t\t\t\t\t\t\t\t  <div class=\"col-lg-9 col-md-9 col-sm-9 col-9\">\n\t\t\t\t\t\t\t\t\t\t\t  <div class=\"service-text\">\n\t\t\t\t\t\t\t\t\t\t\t\t   <span>COMPETENCE<\/span><h3>Le Droit p\u00e9nal\n<\/h3>\t\t\t\t\t\t\t\t\t\t\t  <\/div>\n\t\t\t\t\t\t\t\t\t\t  <\/div>\n\t\t\t\t\t\t\t\t\t  <\/div>\n\t\t              <\/div>\n\t\t          <\/div>\n\t\t      <\/div>\n  \t\t\t\t\t      <div class=\"col-lg-4 col-md-4 col-sm-6  col-xs-6  feature-col\">\n\t\t          <div class=\"service-item\">\n\t\t              <div class=\"row\">\n\t\t\t\t\t\t\t\t\t  <div class=\"grid\">\n\t\t\t\t\t\t\t\t\t\t  <div class=\"col-lg-3 col-md-3 col-sm-3 col-3  icon-c\">\n\t\t\t\t\t\t\t\t\t\t\t  <div class=\"service-icon\">\n\t\t\t\t\t\t\t\t\t\t\t\t <i class='fi flaticon-scale'><\/i>\t\t\t\t\t\t\t\t\t\t\t  <\/div>\n\t\t\t\t\t\t\t\t\t\t  <\/div>\n\t\t\t\t\t\t\t\t\t\t  <div class=\"col-lg-9 col-md-9 col-sm-9 col-9\">\n\t\t\t\t\t\t\t\t\t\t\t  <div class=\"service-text\">\n\t\t\t\t\t\t\t\t\t\t\t\t   <span>DEFENSE<\/span><h3>des pr\u00e9venus et victimes\n<\/h3>\t\t\t\t\t\t\t\t\t\t\t  <\/div>\n\t\t\t\t\t\t\t\t\t\t  <\/div>\n\t\t\t\t\t\t\t\t\t  <\/div>\n\t\t              <\/div>\n\t\t          <\/div>\n\t\t      <\/div>\n  \t\t\t\t\t      <div class=\"col-lg-4 col-md-4 col-sm-6  col-xs-6  feature-col\">\n\t\t          <div class=\"service-item\">\n\t\t              <div class=\"row\">\n\t\t\t\t\t\t\t\t\t  <div class=\"grid\">\n\t\t\t\t\t\t\t\t\t\t  <div class=\"col-lg-3 col-md-3 col-sm-3 col-3  icon-c\">\n\t\t\t\t\t\t\t\t\t\t\t  <div class=\"service-icon\">\n\t\t\t\t\t\t\t\t\t\t\t\t <i class='fi flaticon-parents'><\/i>\t\t\t\t\t\t\t\t\t\t\t  <\/div>\n\t\t\t\t\t\t\t\t\t\t  <\/div>\n\t\t\t\t\t\t\t\t\t\t  <div class=\"col-lg-9 col-md-9 col-sm-9 col-9\">\n\t\t\t\t\t\t\t\t\t\t\t  <div class=\"service-text\">\n\t\t\t\t\t\t\t\t\t\t\t\t   <span>ACCOMPAGNEMENT<\/span><h3>A chaque \u00e9tape de la proc\u00e9dure\n\n\n<\/h3>\t\t\t\t\t\t\t\t\t\t\t  <\/div>\n\t\t\t\t\t\t\t\t\t\t  <\/div>\n\t\t\t\t\t\t\t\t\t  <\/div>\n\t\t              <\/div>\n\t\t          <\/div>\n\t\t      <\/div>\n  \t\t\t\t\t    <\/div>\n\t\t   <\/div>\n\t\t<\/div>\n\t\t\t\t<\/div>\n\t\t\t\t<\/div>\n\t\t\t\t\t<\/div>\n\t\t<\/div>\n\t\t\t\t\t\t\t<\/div>\n\t\t<\/section>\n\t\t\t\t<section class=\"elementor-section elementor-top-section elementor-element elementor-element-260b78d elementor-section-full_width elementor-section-height-default elementor-section-height-default\" data-id=\"260b78d\" data-element_type=\"section\">\n\t\t\t\t\t\t<div class=\"elementor-container elementor-column-gap-no\">\n\t\t\t\t\t<div class=\"elementor-column elementor-col-100 elementor-top-column elementor-element elementor-element-7e4ce94\" data-id=\"7e4ce94\" data-element_type=\"column\">\n\t\t\t<div class=\"elementor-widget-wrap elementor-element-populated\">\n\t\t\t\t\t\t\t\t<div class=\"elementor-element elementor-element-e27e3d7 elementor-widget elementor-widget-wpo-barristar_about\" data-id=\"e27e3d7\" data-element_type=\"widget\" data-settings=\"{&quot;about_image&quot;:{&quot;url&quot;:&quot;http:\\\/\\\/avocat-hajji.fr\\\/wp-content\\\/uploads\\\/2022\\\/12\\\/Palais-de-justice-scaled.jpg&quot;,&quot;id&quot;:477,&quot;alt&quot;:&quot;&quot;,&quot;source&quot;:&quot;library&quot;},&quot;signature_image&quot;:{&quot;url&quot;:&quot;&quot;,&quot;id&quot;:&quot;&quot;}}\" data-widget_type=\"wpo-barristar_about.default\">\n\t\t\t\t<div class=\"elementor-widget-container\">\n\t\t\t\t\t<div class=\"about-section  about-area about-area2\">\r\n\t\t\t<div class=\"container\">\r\n\t    \t<div class=\"row\">\r\n\t      \t       <div class=\"col col-lg-6 col-md-6\">\r\n\t            <div class=\"about-title\">\r\n\t                <div class=\"img-holder\">\r\n\t                   <img decoding=\"async\" src=\"https:\/\/avocat-hajji.fr\/wp-content\/uploads\/2022\/12\/Palais-de-justice-scaled.jpg\" alt=\"\">\t                <\/div>\r\n\t            <\/div>\r\n\t        <\/div>\r\n\t        <div class=\"col-lg-6 col-md-6\">\r\n\t            <div class=\"about-text\">\r\n\t            \t<h2>Mon parcours<\/h2><p class=\"western\" align=\"JUSTIFY\"><span style=\"color: #141412\"><span style=\"font-family: Garamond, serif\"><span style=\"font-size: medium\">Dipl\u00f4m\u00e9e d\u2019une Ma\u00eetrise de Droit des affaires obtenue \u00e0 la Facult\u00e9 de droit de BREST, j'ai int\u00e9gr\u00e9 l'Ecole des Avocats du Grand Ouest \u00e0 RENNES en 2002.<\/span><\/span><\/span><\/p><p class=\"western\" align=\"JUSTIFY\"><span style=\"color: #141412\"><span style=\"font-family: Garamond, serif\"><span style=\"font-size: medium\">Titulaire du\u00a0Certificat d'Aptitude \u00e0 la Profession d'Avocat (CAPA - Rennes), depuis 2003, j'ai dans un premier temps collabor\u00e9 avec Me DELALANDE, Avocat au Barreau de NANTES.<\/span><\/span><\/span><\/p><p class=\"western\" align=\"JUSTIFY\"><span style=\"color: #141412\"><span style=\"font-family: Garamond, serif\"><span style=\"font-size: medium\">Par la suite, j'ai int\u00e9gr\u00e9 le cabinet group\u00e9 EHHL pour y exercer \u00e0 titre individuel et pratiquer ma mati\u00e8re de pr\u00e9dilection\u00a0: LE DROIT PENAL. <\/span><\/span><\/span><\/p><p class=\"western\" align=\"JUSTIFY\"><span style=\"color: #141412\"><span style=\"font-family: Garamond, serif\"><span style=\"font-size: medium\">EN 2020, j'ai d\u00e9cid\u00e9 de regagner mon FINISTERE natal pour int\u00e9grer le Barreau de QUIMPER.\u00a0<\/span><\/span><\/span><\/p>\t              <div class=\"btns\">\r\n\t                  <div class=\"btn-style\">\r\n\t                  \t<a href=\"#\"   class=\"about-btn\" ><\/a>\t                  <\/div>\r\n\t              <\/div>\r\n\t                <div class=\"signature\">\r\n\t                 \t                <\/div>\r\n\t            <\/div>\r\n\t        <\/div>\r\n\t     \t    \t<\/div>\r\n    \t<\/div>\r\n  \t<\/div>\r\n\t\t\t\t<\/div>\n\t\t\t\t<\/div>\n\t\t\t\t<div class=\"elementor-element elementor-element-683f533 elementor-widget elementor-widget-wpo-barristar_about\" data-id=\"683f533\" data-element_type=\"widget\" data-settings=\"{&quot;about_image&quot;:{&quot;url&quot;:&quot;http:\\\/\\\/avocat-hajji.fr\\\/wp-content\\\/uploads\\\/2022\\\/12\\\/robe-avocat-e1671372252178.jpg&quot;,&quot;id&quot;:490,&quot;alt&quot;:&quot;&quot;,&quot;source&quot;:&quot;library&quot;},&quot;signature_image&quot;:{&quot;url&quot;:&quot;&quot;,&quot;id&quot;:&quot;&quot;}}\" data-widget_type=\"wpo-barristar_about.default\">\n\t\t\t\t<div class=\"elementor-widget-container\">\n\t\t\t\t\t<div class=\"about-section  about-area about-area2\">\r\n\t\t\t<div class=\"container\">\r\n\t    \t<div class=\"row\">\r\n\t      \t       <div class=\"col col-lg-6 col-md-6\">\r\n\t            <div class=\"about-title\">\r\n\t                <div class=\"img-holder\">\r\n\t                   <img decoding=\"async\" src=\"https:\/\/avocat-hajji.fr\/wp-content\/uploads\/2022\/12\/robe-avocat-e1671372252178.jpg\" alt=\"\">\t                <\/div>\r\n\t            <\/div>\r\n\t        <\/div>\r\n\t        <div class=\"col-lg-6 col-md-6\">\r\n\t            <div class=\"about-text\">\r\n\t            \t<p class=\"western\" align=\"JUSTIFY\"><span style=\"color: #282e32\"><span style=\"font-family: Garamond, serif\"><span style=\"font-size: medium\">J'y exerce \u00e0 titre individuel au sein d'un Cabinet pluridisciplinaire aux c\u00f4t\u00e9s de Mes Fanny SENANGE, sp\u00e9cialis\u00e9e en Droit du travail, Maud MULOT, sp\u00e9cialis\u00e9e en Droit Commercial et des affaires, Ga\u00eblle LE GOASTER, exer\u00e7ant en Droit de la famille, et Estelle DOUERIN, en droit public.<\/span><\/span><\/span><\/p><p class=\"western\" align=\"JUSTIFY\"><span style=\"color: #282e32\"><span style=\"font-family: Garamond, serif\"><span style=\"font-size: medium\">Fort d\u2019une solide expertise juridique acquise au fil de plus de 15 ann\u00e9es d'exercice, je vous assiste, conseille et d\u00e9fend dans le strict respect du serment pr\u00eat\u00e9 lorsque j'ai int\u00e9gr\u00e9 la profession, v\u00e9ritable socle de mon \u00e9thique professionnelle\u00a0:<\/span><\/span><\/span><\/p><p class=\"alin\u00e9a-n\u00e9gatif-western\" align=\"CENTER\"><strong><span style=\"color: #202124\"><span style=\"font-family: Garamond, serif\"><span style=\"font-size: medium\">\"Je jure, comme\u00a0avocat, d'exercer mes fonctions\u00a0avec\u00a0dignit\u00e9, conscience, ind\u00e9pendance, probit\u00e9 et humanit\u00e9\".<\/span><\/span><\/span><\/strong><\/p><p align=\"CENTER\"><span style=\"color: #282e32\"><span style=\"font-family: Garamond, serif\"><span style=\"font-size: medium\">Mes ma\u00eetres mots : \u00e9coute, disponibilit\u00e9 et r\u00e9activit\u00e9.<\/span><\/span><\/span><\/p>\t              <div class=\"btns\">\r\n\t                  <div class=\"btn-style\">\r\n\t                  \t<a href=\"#\"   class=\"about-btn\" ><\/a>\t                  <\/div>\r\n\t              <\/div>\r\n\t                <div class=\"signature\">\r\n\t                 \t                <\/div>\r\n\t            <\/div>\r\n\t        <\/div>\r\n\t     \t    \t<\/div>\r\n    \t<\/div>\r\n  \t<\/div>\r\n\t\t\t\t<\/div>\n\t\t\t\t<\/div>\n\t\t\t\t\t<\/div>\n\t\t<\/div>\n\t\t\t\t\t\t\t<\/div>\n\t\t<\/section>\n\t\t\t\t<section class=\"elementor-section elementor-top-section elementor-element elementor-element-ee484ab elementor-section-boxed elementor-section-height-default elementor-section-height-default\" data-id=\"ee484ab\" data-element_type=\"section\" data-settings=\"{&quot;background_background&quot;:&quot;classic&quot;}\">\n\t\t\t\t\t\t\t<div class=\"elementor-background-overlay\"><\/div>\n\t\t\t\t\t\t\t<div class=\"elementor-container elementor-column-gap-no\">\n\t\t\t\t\t<div class=\"elementor-column elementor-col-100 elementor-top-column elementor-element elementor-element-05ae0ed\" data-id=\"05ae0ed\" data-element_type=\"column\">\n\t\t\t<div class=\"elementor-widget-wrap elementor-element-populated\">\n\t\t\t\t\t\t\t\t<div class=\"elementor-element elementor-element-9425a4f elementor-widget elementor-widget-wpo-barristar_funfact\" data-id=\"9425a4f\" data-element_type=\"widget\" data-widget_type=\"wpo-barristar_funfact.default\">\n\t\t\t\t<div class=\"elementor-widget-container\">\n\t\t\t\t\t<div class=\"counter-area  counter-area2\">\r\n\t\t\t<div class=\"container\">\r\n\t\t    <div class=\"row\">\r\n\t\t        <div class=\"col-lg-12\">\r\n\t\t            <div class=\"counter-grids\">\r\n\t\t            \t\t                <div class=\"grid\">\r\n\t\t                    <div>\r\n\t\t                       \t\t                    <\/div>\r\n\t\t                    <p>REACTIVITE<\/p>\t\t                <\/div>\r\n\t\t          \t\t\t\t                <div class=\"grid\">\r\n\t\t                    <div>\r\n\t\t                       \t\t                    <\/div>\r\n\t\t                    <p>EFFICACITE<\/p>\t\t                <\/div>\r\n\t\t          \t\t\t\t                <div class=\"grid\">\r\n\t\t                    <div>\r\n\t\t                       \t\t                    <\/div>\r\n\t\t                    <p>CONFIANCE<\/p>\t\t                <\/div>\r\n\t\t          \t\t\t\t                <div class=\"grid\">\r\n\t\t                    <div>\r\n\t\t                       \t\t                    <\/div>\r\n\t\t                    <p>CONFIDENTIALITE<\/p>\t\t                <\/div>\r\n\t\t          \t\t\t\t            <\/div>\r\n\t\t        <\/div>\r\n\t\t    <\/div>\r\n\t    <\/div>\r\n\t  <\/div>\r\n\t\t\t\t<\/div>\n\t\t\t\t<\/div>\n\t\t\t\t\t<\/div>\n\t\t<\/div>\n\t\t\t\t\t\t\t<\/div>\n\t\t<\/section>\n\t\t\t\t\t\t\t<\/div>\n\t\t","protected":false},"excerpt":{"rendered":"COMPETENCE Le Droit p\u00e9nal DEFENSE des pr\u00e9venus et victimes ACCOMPAGNEMENT A chaque \u00e9tape de la proc\u00e9dure Mon parcours Dipl\u00f4m\u00e9e d\u2019une Ma\u00eetrise de Droit des affaires obtenue \u00e0 la Facult\u00e9 de droit de BREST, j&#8217;ai int\u00e9gr\u00e9 l&#8217;Ecole des Avocats du Grand Ouest \u00e0 RENNES en 2002. Titulaire du\u00a0Certificat d&#8217;Aptitude \u00e0 la Profession d&#8217;Avocat (CAPA &#8211; Rennes), ","protected":false},"author":1,"featured_media":477,"parent":0,"menu_order":0,"comment_status":"closed","ping_status":"closed","template":"elementor_header_footer","meta":{"footnotes":""},"class_list":["post-37","page","type-page","status-publish","has-post-thumbnail","hentry"],"_links":{"self":[{"href":"https:\/\/avocat-hajji.fr\/index.php?rest_route=\/wp\/v2\/pages\/37","targetHints":{"allow":["GET"]}}],"collection":[{"href":"https:\/\/avocat-hajji.fr\/index.php?rest_route=\/wp\/v2\/pages"}],"about":[{"href":"https:\/\/avocat-hajji.fr\/index.php?rest_route=\/wp\/v2\/types\/page"}],"author":[{"embeddable":true,"href":"https:\/\/avocat-hajji.fr\/index.php?rest_route=\/wp\/v2\/users\/1"}],"replies":[{"embeddable":true,"href":"https:\/\/avocat-hajji.fr\/index.php?rest_route=%2Fwp%2Fv2%2Fcomments&post=37"}],"version-history":[{"count":75,"href":"https:\/\/avocat-hajji.fr\/index.php?rest_route=\/wp\/v2\/pages\/37\/revisions"}],"predecessor-version":[{"id":1118,"href":"https:\/\/avocat-hajji.fr\/index.php?rest_route=\/wp\/v2\/pages\/37\/revisions\/1118"}],"wp:featuredmedia":[{"embeddable":true,"href":"https:\/\/avocat-hajji.fr\/index.php?rest_route=\/wp\/v2\/media\/477"}],"wp:attachment":[{"href":"https:\/\/avocat-hajji.fr\/index.php?rest_route=%2Fwp%2Fv2%2Fmedia&parent=37"}],"curies":[{"name":"wp","href":"https:\/\/api.w.org\/{rel}","templated":true}]}}